{"id":60,"date":"2022-12-20T14:54:17","date_gmt":"2022-12-20T13:54:17","guid":{"rendered":"https:\/\/www.bbscgm.de\/?page_id=60"},"modified":"2024-07-16T17:47:30","modified_gmt":"2024-07-16T15:47:30","slug":"bildungszeit-urlaub","status":"publish","type":"page","link":"https:\/\/www.bbs-cgm.de\/?page_id=60","title":{"rendered":"Bildungszeit\/Urlaub"},"content":{"rendered":"\n<p>F\u00fcr Bildungstr\u00e4ger nach dem Bildungszeitgesetz BW erfolgt ein Anerkennungsprozess. Das BBS-Berufsbildungsst\u00e4tte der CGM e.V. ist durch das zust\u00e4ndige Regierungspr\u00e4sidium Karlsruhe anerkannt worden. Den dazu ergangenen Bescheid finden Sie hier:<\/p>\n\n\n\n<div data-wp-interactive=\"core\/file\" class=\"wp-block-file\"><object data-wp-bind--hidden=\"!state.hasPdfPreview\" hidden class=\"wp-block-file__embed\" data=\"https:\/\/www.bbscgm.de\/wp-content\/uploads\/2022\/12\/BBS-Berufsbildungsstaette_RP-Karlsruhe-Anerkennungsbescheid.pdf\" type=\"application\/pdf\" style=\"width:100%;height:600px\" aria-label=\"Einbettung von BBS-Berufsbildungsstaette_RP-Karlsruhe-Anerkennungsbescheid.\"><\/object><a id=\"wp-block-file--media-a3e71311-19ad-49d0-8b06-d47782d4e3dd\" href=\"https:\/\/www.bbscgm.de\/wp-content\/uploads\/2022\/12\/BBS-Berufsbildungsstaette_RP-Karlsruhe-Anerkennungsbescheid.pdf\">BBS-Berufsbildungsstaette_RP-Karlsruhe-Anerkennungsbescheid<\/a><a href=\"https:\/\/www.bbscgm.de\/wp-content\/uploads\/2022\/12\/BBS-Berufsbildungsstaette_RP-Karlsruhe-Anerkennungsbescheid.pdf\" class=\"wp-block-file__button wp-element-button\" download aria-describedby=\"wp-block-file--media-a3e71311-19ad-49d0-8b06-d47782d4e3dd\">Herunterladen<\/a><\/div>\n\n\n\n<p>Die von uns angebotenen Veranstaltungen in dieser Rubrik entsprechen den Anforderungen des Bildungszeitgesetz BW und damit auch anderer Bundesl\u00e4nder. Die erste erfolgte h\u00f6chstrichterliche Rechtsprechung best\u00e4tigt dies. (vgl. LAG-Stuttgart, Az.:&nbsp;2 Sa 4\/17, Urteil vom 09.08.2017)<\/p>\n\n\n\n<p><strong>Lebendige Demokratie beginnt am Arbeitsplatz<\/strong><\/p>\n\n\n\n<p>Mit der Demokratie im Wandel und dem gesellschaftlichen Zusammenhalt wird es immer wichtiger in den Belegschaften die entscheidenden Voraussetzung, f\u00fcr die Entwicklung einer zukunftsgerichteten und besch\u00e4ftigungssichernden Politik im Betrieb zu schaffen. Auch f\u00fcr Arbeitnehmer sich dazu fortzubilden. In der Reihe der arbeitspolitischen und arbeitssicherheits- sowie arbeitsrechtlichen Weiterbildung und Qualifizierung sind die hier ausgeschriebenen Seminar Grundlage und Einstieg sowie Aufbau und Vertiefung in den nachfolgenden Stufen BzG-I, BzG-II und BzG-III sowie Kombinationen.<\/p>\n\n\n\n<p>Interessenten erhalten nach Eintrag der pers\u00f6nlichen Angaben in unser jeweiliges Anmeldeformular eine Anmeldebest\u00e4tigung mit entsprechender Ausschreibung. Diese dient zur Vorlage beim Arbeitgeber bei der Beantragung der Bildungszeit und kann in den jeweiligen Genehmigungsverfahren innerbetrieblich verwendet werden.<\/p>\n\n\n\n<p>Dabei ist die gesetzliche Vorlauffrist von&nbsp;acht Wochen zur Antragstellung beim jeweiligen Arbeitgeber vor der Ma\u00dfnahme nach Bildungszeitgesetz BW&nbsp;zu beachten. Wir empfehlen wegen der auch auf unserer Seite entstehenden Bearbeitungszeiten eine Anmeldung mit einem Vorlauf von mindestens zehn Wochen. In anderen Bundesl\u00e4ndern und gesetzlichen Regelungen kann es hier zu Abweichungen kommen.<\/p>\n\n\n\n<p>F\u00fcr R\u00fcckfragen stehen wir gerne zur Verf\u00fcgung.<\/p>\n\n\n\n<p><\/p>\n\n\n\n<h1 class=\"wp-block-heading\">BzG-I Lebendige Demokratie beginnt am Arbeitsplatz<\/h1>\n\n\n\n<p><strong>***<\/strong><strong>Seminarinhalt<\/strong><strong>***<\/strong><\/p>\n\n\n\n<ul class=\"wp-block-list\">\n<li><strong>Geschichtliche und politische Entwicklungen des Arbeits- und Tarifrechts in Deutschland und Europa<\/strong><\/li>\n\n\n\n<li><strong>Darstellung und Grundlagen zum System des deutschen Arbeitsrechts I<\/strong><\/li>\n\n\n\n<li><strong>Darstellung und Grundlagen zum System des deutschen Arbeitsrechts II<\/strong><\/li>\n\n\n\n<li><strong>Gewerkschaftsrechte im Betrieb und Stellung des Einzelnen<\/strong><\/li>\n\n\n\n<li><strong>Informations- und Schweigepflicht auf Grundlage gesetzlicher Vorschriften<\/strong><\/li>\n\n\n\n<li><strong>Soziale Sicherheit im Jahr 2022\/2023 \u2013 Soziale Sicherungssysteme der Bundesrepublik<\/strong>&nbsp;<strong>Deutschland<\/strong><\/li>\n\n\n\n<li><strong>Erk\u00e4mpfte Erfolge<\/strong><\/li>\n\n\n\n<li><strong>Tarifpolitik der Gewerkschaften als Teil der Besch\u00e4ftigungspolitik:&nbsp;national und international<\/strong><\/li>\n<\/ul>\n\n\n\n<p>Unter diesen \u00dcberschriften und Themenstellungen werden die Grundlage und Einstieg zur arbeitspolitischen und arbeitssicherheits- sowie arbeitsrechtlichen Weiterbildung und Qualifizierung gegeben. Diese allgemeinpolitische Weiterbildung richtet sich insbesondere&nbsp;an Vertrauensleute in Betrieben.<\/p>\n\n\n\n<p>Veranstalter: BBS-Berufsbildungsst\u00e4tte; (anerkannte Bildungseinrichtung nach dem Bildungszeitgesetz BW) &nbsp;&nbsp;&nbsp;&nbsp;&nbsp;&nbsp;&nbsp;&nbsp;&nbsp;&nbsp;&nbsp;&nbsp;&nbsp;&nbsp;&nbsp;&nbsp;&nbsp;&nbsp;&nbsp;&nbsp;&nbsp;&nbsp;&nbsp;&nbsp;&nbsp;&nbsp;&nbsp;&nbsp;&nbsp;&nbsp;&nbsp;&nbsp;&nbsp;&nbsp;&nbsp;&nbsp;&nbsp;&nbsp;&nbsp;&nbsp;&nbsp;&nbsp;&nbsp;&nbsp;&nbsp;&nbsp;&nbsp;&nbsp;&nbsp;&nbsp;&nbsp; Mercedesstrasse 17 I, 71063 Sindelfingen<\/p>\n\n\n\n<p>Telefon: 07031 7155730<\/p>\n\n\n\n<p><strong>Seminar-Termin<\/strong><\/p>\n\n\n\n<p><strong>Weiteres f\u00fcr das Jahr\u00a02024 folgt in K\u00fcrze<\/strong><\/p>\n\n\n\n<p><strong>Seminar-Zeiten<\/strong><\/p>\n\n\n\n<p>Beginn am ersten Tag: 9:30 Uhr<br>Ende am letzten Tag: 16:00 Uhr<\/p>\n\n\n\n<p><strong>Seminar-Ort<\/strong><\/p>\n\n\n\n<p>wird bekannt gegeben<\/p>\n\n\n\n<p><strong>&nbsp;Seminar-Kosten<\/strong><\/p>\n\n\n\n<p>\u20ac 410,- (brutto) bei 1 Teilnehmer, plus \u00dcbernachtung<br>Mitglieder der CGM erhalten auf Nachfrage entsprechende Sonderkonditionen<\/p>\n\n\n\n<p><\/p>\n\n\n\n<h1 class=\"wp-block-heading\">BzG-II Lebendige Demokratie beginnt am Arbeitsplatz<\/h1>\n\n\n\n<p><strong>***<\/strong><strong>Seminarinhalt<\/strong><strong>***<\/strong><\/p>\n\n\n\n<ul class=\"wp-block-list\">\n<li><strong>Geschichtliche und politische Entwicklungen des Arbeits- und Tarifrechts in Deutschland und Europa<\/strong><\/li>\n\n\n\n<li><strong>Darstellung und&nbsp;Vertiefung zum System des deutschen Arbeitsrechts I<\/strong><\/li>\n\n\n\n<li><strong>Darstellung und&nbsp;Vertiefung&nbsp;zum System des deutschen Arbeitsrechts II<\/strong><\/li>\n\n\n\n<li><strong>Aufbau: Gewerkschaftsrechte im Betrieb und Stellung des Einzelnen<\/strong><\/li>\n\n\n\n<li><strong>Aufbau: Informations- und Schweigepflicht auf Grundlage gesetzlicher Vorschriften<\/strong><\/li>\n\n\n\n<li><strong>Soziale Sicherheit im Jahr 2024\/2025 \u2013 Soziale Sicherungssysteme der Bundesrepublik<\/strong>\u00a0<strong>Deutschland<\/strong><\/li>\n\n\n\n<li><strong>Herausforderungen der Zukunft<\/strong><\/li>\n\n\n\n<li><strong>Tarifpolitik der Gewerkschaften als Teil der Besch\u00e4ftigungspolitik:&nbsp;national und international<\/strong><\/li>\n<\/ul>\n\n\n\n<p>Unter diesen \u00dcberschriften und Themenstellungen werden der&nbsp;Aufbau und die Vertiefung zur arbeitspolitischen und arbeitssicherheits- sowie arbeitsrechtlichen Weiterbildung und Qualifizierung gegeben. Diese allgemeinpolitische Weiterbildung richtet sich insbesondere&nbsp;an Vertrauensleute in Betrieben.<\/p>\n\n\n\n<p>Veranstalter: BBS-Berufsbildungsst\u00e4tte der CGM e.V. (anerkannte Bildungseinrichtung nach dem Bildungszeitgesetz BW)<br>Mercedesstr. 17 I, 71063 Sindelfingen<\/p>\n\n\n\n<p>Telefon: 07031 7155730<\/p>\n\n\n\n<p><strong>Seminar-Termin<\/strong><\/p>\n\n\n\n<p><strong>in 2024 kein gesetztlicher Vorlaufzeitraum mehr<\/strong><\/p>\n\n\n\n<p><strong>weiteres f\u00fcr das Jahr&nbsp;2023 folgt in K\u00fcrze<\/strong><\/p>\n\n\n\n<p><strong>Seminar-Zeiten<\/strong><\/p>\n\n\n\n<p>Beginn am ersten Tag: 9:00 Uhr<br>Ende am letzten Tag: 16:30 Uhr<\/p>\n\n\n\n<p><strong>Seminar-Ort<\/strong><\/p>\n\n\n\n<p>geplant<br>Hotel Lochm\u00fchle<br>Hinterdorfstr. 44, 78253 Eigeltingen<\/p>\n\n\n\n<p><strong>&nbsp;Seminar-Kosten<\/strong><\/p>\n\n\n\n<p>\u20ac 410,- (brutto) bei 1 Teilnehmer, plus \u00dcbernachtung<br>Mitglieder der CGM erhalten auf Nachfrage entsprechende Sonderkonditionen<\/p>\n\n\n\n<p><\/p>\n\n\n\n<h1 class=\"wp-block-heading\">BzG-III Lebendige Demokratie beginnt am Arbeitsplatz Vertiefungsstufe<\/h1>\n\n\n\n<p><strong>***<\/strong><strong>Seminarinhalt<\/strong><strong>***<\/strong><\/p>\n\n\n\n<ul class=\"wp-block-list\">\n<li><strong>Geschichtliche und politische Entwicklungen des Arbeits- und Tarifrechts in Deutschland und Europa<\/strong><\/li>\n\n\n\n<li><strong>Darstellung und&nbsp;Vertiefung zum System des deutschen Arbeitsrechts I<\/strong><\/li>\n\n\n\n<li><strong>Darstellung und&nbsp;Vertiefung&nbsp;zum System des deutschen Arbeitsrechts II<\/strong><\/li>\n\n\n\n<li><strong>Vertiefung: Gewerkschaftsrechte im Betrieb und Stellung des Einzelnen<\/strong><\/li>\n\n\n\n<li><strong>Vertiefung: Informations- und Schweigepflicht auf Grundlage gesetzlicher Vorschriften<\/strong><\/li>\n\n\n\n<li><strong>Soziale Sicherheit im Jahr 2024\/2025 \u2013 Soziale Sicherungssysteme der Bundesrepublik<\/strong>\u00a0<strong>Deutschland<\/strong><\/li>\n\n\n\n<li><strong>Herausforderungen der Zukunft<\/strong><\/li>\n\n\n\n<li><strong>Tarifpolitik der Gewerkschaften als Teil der Besch\u00e4ftigungspolitik:&nbsp;national und international<\/strong><\/li>\n<\/ul>\n\n\n\n<p>Unter diesen \u00dcberschriften und Themenstellungen werden der&nbsp;Aufbau und die Vertiefung zur arbeitspolitischen und arbeitssicherheits- sowie arbeitsrechtlichen Weiterbildung und Qualifizierung gegeben. Erste Grundkenntnisse zu den strukturellen Hintergr\u00fcnden&nbsp;der arbeitspolitischen Gegebenheiten und den rechtlichen&nbsp;Rahmenbedingungen&nbsp;sollten bereits in den Vorstufen erworben worden sein. Diese allgemeinpolitische Weiterbildung richtet sich insbesondere&nbsp;an Vertrauensleute in Betrieben.<\/p>\n\n\n\n<p>Veranstalter: BBS-Berufsbildungsst\u00e4tte der CGM e.V. (anerkannte Bildungseinrichtung nach dem Bildungszeitgesetz BW)<br>Mercedesstr. 17 I, 71063 Sindelfingen<\/p>\n\n\n\n<p>Telefon: 07031 7155730<\/p>\n\n\n\n<p>Kooperation: Wolf- Consult&nbsp; (anerkannte Bildungseinrichtung nach dem Bildungszeitgesetz BW) &nbsp;&nbsp;&nbsp;&nbsp;&nbsp;&nbsp;&nbsp;&nbsp;&nbsp;&nbsp;&nbsp;&nbsp;&nbsp;&nbsp;&nbsp;&nbsp;&nbsp;&nbsp;&nbsp;&nbsp;&nbsp;&nbsp;&nbsp;&nbsp;&nbsp;&nbsp;&nbsp;&nbsp;&nbsp;&nbsp;&nbsp;&nbsp;&nbsp;&nbsp;&nbsp;&nbsp;&nbsp;&nbsp;&nbsp;&nbsp;&nbsp;&nbsp;&nbsp;&nbsp;&nbsp;&nbsp;&nbsp;&nbsp;&nbsp;&nbsp;&nbsp; Lupfenstrasse 4, 78549 Spaichingen<\/p>\n\n\n\n<p>Telefon: 07424 503006<br>Fax: 07424 503008<\/p>\n\n\n\n<p><strong>Seminar-Termin<\/strong><\/p>\n\n\n\n<p><strong>weiteres f\u00fcr das Jahr\u00a02024 folgt in K\u00fcrze<\/strong><\/p>\n\n\n\n<p><strong>Seminar-Zeiten<\/strong><\/p>\n\n\n\n<p>Beginn am ersten Tag: 9:00 Uhr<br>Ende am letzten Tag: 16:30 Uhr<\/p>\n\n\n\n<p><strong>Seminar-Ort<\/strong><\/p>\n\n\n\n<p>Hotel Lochm\u00fchle<br>Hinterdorfstr. 44, 78253 Eigeltingen<\/p>\n\n\n\n<p><strong>Seminar-Kosten<\/strong><\/p>\n\n\n\n<p>\u20ac 410,- (brutto) bei 1 Teilnehmer, plus \u00dcbernachtung<br>Mitglieder der CGM erhalten auf Nachfrage entsprechende Sonderkonditionen<\/p>\n\n\n\n<h1 class=\"wp-block-heading\">BzG-I u. II Kombi Lebendige Demokratie beginnt am Arbeitsplatz<\/h1>\n\n\n\n<h1 class=\"wp-block-heading\"><\/h1>\n\n\n\n<p><strong>***<\/strong><strong>Seminarinhalt<\/strong><strong>***<\/strong><\/p>\n\n\n\n<ul class=\"wp-block-list\">\n<li><strong>Geschichtliche und politische Entwicklungen des Arbeits- und Tarifrechts in Deutschland und Europa<\/strong><\/li>\n\n\n\n<li><strong>Darstellung, Grundlagen&nbsp;und&nbsp;Vertiefung zum System des deutschen Arbeitsrechts I<\/strong><\/li>\n\n\n\n<li><strong>Darstellung, Grundlagen&nbsp;und&nbsp;Vertiefung&nbsp;zum System des deutschen Arbeitsrechts II<\/strong><\/li>\n\n\n\n<li><strong>Einstieg und Aufbau: Gewerkschaftsrechte im Betrieb und Stellung des Einzelnen<\/strong><\/li>\n\n\n\n<li><strong>Einstieg und Aufbau: Informations- und Schweigepflicht auf Grundlage gesetzlicher Vorschriften<\/strong><\/li>\n\n\n\n<li><strong>Soziale Sicherheit im Jahr 2024\/2025 \u2013 Soziale Sicherungssysteme der Bundesrepublik<\/strong><strong>Deutschland<\/strong><\/li>\n\n\n\n<li><strong>Erk\u00e4mpfte Erfolge<\/strong><\/li>\n\n\n\n<li><strong>Herausforderungen der Zukunft<\/strong><\/li>\n\n\n\n<li><strong>Tarifpolitik der Gewerkschaften als Teil der Besch\u00e4ftigungspolitik:&nbsp;national und international<\/strong><\/li>\n<\/ul>\n\n\n\n<p>Unter diesen \u00dcberschriften und Themenstellungen werden der&nbsp;Einstieg, Aufbau und die Vertiefung zur arbeitspolitischen und arbeitssicherheits- sowie arbeitsrechtlichen Weiterbildung und Qualifizierung gegeben. Es stellt eine Kombination der BzG-I und BzG-II-Seminare dar. Diese allgemeinpolitische Weiterbildung richtet sich insbesondere&nbsp;an Vertrauensleute in Betrieben.<\/p>\n\n\n\n<p>Veranstalter: BBS-Berufsbildungsst\u00e4tte der CGM e.V. (anerkannte Bildungseinrichtung nach dem Bildungszeitgesetz BW)<br>Mercedesstr. 17 I, 71063 Sindelfingen<\/p>\n\n\n\n<p>Telefon: 07031 7155730<\/p>\n\n\n\n<p><strong>Seminar-Termin<\/strong><\/p>\n\n\n\n<p><strong>weiteres f\u00fcr das Jahr\u00a02024 folgt in K\u00fcrze<\/strong><\/p>\n\n\n\n<p><strong>Seminar-Zeiten<\/strong><\/p>\n\n\n\n<p>Beginn am ersten Tag: 9:30 Uhr<br>Ende am letzten Tag: 16:00 Uhr<\/p>\n\n\n\n<p><strong>Seminar-Ort<\/strong><\/p>\n\n\n\n<p>wird bekannt gegeben<\/p>\n\n\n\n<p><strong>Seminar-Kosten<\/strong>\u20ac 610,- (brutto) bei 1 Teilnehmer, plus \u00dcbernachtung<br>Mitglieder der CGM erhalten auf Nachfrage entsprechende Sonderkonditionen<\/p>\n","protected":false},"excerpt":{"rendered":"<p>F\u00fcr Bildungstr\u00e4ger nach dem Bildungszeitgesetz BW erfolgt ein Anerkennungsprozess. Das BBS-Berufsbildungsst\u00e4tte der CGM e.V. ist durch das zust\u00e4ndige Regierungspr\u00e4sidium Karlsruhe anerkannt worden. Den dazu ergangenen Bescheid finden Sie hier: Die von uns angebotenen Veranstaltungen in dieser Rubrik entsprechen den Anforderungen des Bildungszeitgesetz BW und damit auch anderer Bundesl\u00e4nder. Die erste erfolgte h\u00f6chstrichterliche Rechtsprechung best\u00e4tigt dies. &hellip; <\/p>\n<p class=\"link-more\"><a href=\"https:\/\/www.bbs-cgm.de\/?page_id=60\" class=\"more-link\">Mehr <span class=\"screen-reader-text\">\u00fcber &#8222;Bildungszeit\/Urlaub&#8220; <\/span>Lesen<\/a><\/p>\n","protected":false},"author":1,"featured_media":0,"parent":0,"menu_order":0,"comment_status":"closed","ping_status":"closed","template":"","meta":{"footnotes":""},"class_list":["post-60","page","type-page","status-publish","hentry"],"_links":{"self":[{"href":"https:\/\/www.bbs-cgm.de\/index.php?rest_route=\/wp\/v2\/pages\/60","targetHints":{"allow":["GET"]}}],"collection":[{"href":"https:\/\/www.bbs-cgm.de\/index.php?rest_route=\/wp\/v2\/pages"}],"about":[{"href":"https:\/\/www.bbs-cgm.de\/index.php?rest_route=\/wp\/v2\/types\/page"}],"author":[{"embeddable":true,"href":"https:\/\/www.bbs-cgm.de\/index.php?rest_route=\/wp\/v2\/users\/1"}],"replies":[{"embeddable":true,"href":"https:\/\/www.bbs-cgm.de\/index.php?rest_route=%2Fwp%2Fv2%2Fcomments&post=60"}],"version-history":[{"count":3,"href":"https:\/\/www.bbs-cgm.de\/index.php?rest_route=\/wp\/v2\/pages\/60\/revisions"}],"predecessor-version":[{"id":132,"href":"https:\/\/www.bbs-cgm.de\/index.php?rest_route=\/wp\/v2\/pages\/60\/revisions\/132"}],"wp:attachment":[{"href":"https:\/\/www.bbs-cgm.de\/index.php?rest_route=%2Fwp%2Fv2%2Fmedia&parent=60"}],"curies":[{"name":"wp","href":"https:\/\/api.w.org\/{rel}","templated":true}]}}